{"id":4908,"date":"2026-09-01T14:57:50","date_gmt":"2026-09-01T12:57:50","guid":{"rendered":"https:\/\/www.kartografija.hr\/?page_id=4908"},"modified":"2026-09-01T15:13:18","modified_gmt":"2026-09-01T13:13:18","slug":"education","status":"publish","type":"page","link":"https:\/\/www.kartografija.hr\/hr\/education\/","title":{"rendered":"Obrazovanje"},"content":{"rendered":"<div data-elementor-type=\"wp-page\" data-elementor-id=\"4908\" class=\"elementor elementor-4908\">\n\t\t\t\t<div class=\"elementor-element elementor-element-4bf0d6c e-con-full e-flex e-con e-parent\" data-id=\"4bf0d6c\" data-element_type=\"container\" data-e-type=\"container\" data-settings=\"{&quot;background_background&quot;:&quot;classic&quot;,&quot;shape_divider_top&quot;:&quot;opacity-tilt&quot;}\">\n\t\t\t\t<div class=\"elementor-shape elementor-shape-top\" aria-hidden=\"true\" data-negative=\"false\">\n\t\t\t<svg xmlns=\"http:\/\/www.w3.org\/2000\/svg\" viewbox=\"0 0 2600 131.1\" preserveaspectratio=\"none\">\n\t<path class=\"elementor-shape-fill\" d=\"M0 0L2600 0 2600 69.1 0 0z\"\/>\n\t<path class=\"elementor-shape-fill\" style=\"opacity:0.5\" d=\"M0 0L2600 0 2600 69.1 0 69.1z\"\/>\n\t<path class=\"elementor-shape-fill\" style=\"opacity:0.25\" d=\"M2600 0L0 0 0 130.1 2600 69.1z\"\/>\n<\/svg>\t\t<\/div>\n\t\t<div class=\"elementor-element elementor-element-6384b17 e-con-full e-flex e-con e-child\" data-id=\"6384b17\" data-element_type=\"container\" data-e-type=\"container\">\n\t\t\t\t<div class=\"elementor-element elementor-element-e1b7181 elementor-widget elementor-widget-heading\" data-id=\"e1b7181\" data-element_type=\"widget\" data-e-type=\"widget\" data-widget_type=\"heading.default\">\n\t\t\t\t<div class=\"elementor-widget-container\">\n\t\t\t\t\t<h2 class=\"elementor-heading-title elementor-size-default\">Obrazovanje<\/h2>\t\t\t\t<\/div>\n\t\t\t\t<\/div>\n\t\t\t\t<div class=\"elementor-element elementor-element-3e8becc elementor-widget-divider--view-line elementor-widget elementor-widget-divider\" data-id=\"3e8becc\" data-element_type=\"widget\" data-e-type=\"widget\" data-widget_type=\"divider.default\">\n\t\t\t\t<div class=\"elementor-widget-container\">\n\t\t\t\t\t\t\t<div class=\"elementor-divider\">\n\t\t\t<span class=\"elementor-divider-separator\">\n\t\t\t\t\t\t<\/span>\n\t\t<\/div>\n\t\t\t\t\t\t<\/div>\n\t\t\t\t<\/div>\n\t\t\t\t<\/div>\n\t\t\t\t<\/div>\n\t\t<div class=\"elementor-element elementor-element-969fcf3 e-flex e-con-boxed e-con e-parent\" data-id=\"969fcf3\" data-element_type=\"container\" data-e-type=\"container\">\n\t\t\t\t\t<div class=\"e-con-inner\">\n\t\t\t\t<div class=\"elementor-element elementor-element-55e1fdc elementor-widget elementor-widget-heading\" data-id=\"55e1fdc\" data-element_type=\"widget\" data-e-type=\"widget\" data-widget_type=\"heading.default\">\n\t\t\t\t<div class=\"elementor-widget-container\">\n\t\t\t\t\t<h4 class=\"elementor-heading-title elementor-size-default\">Hrvatska na me\u0111unarodnoj izlo\u017ebi dje\u010djih crte\u017ea 2021. u Firenzi <\/h4>\t\t\t\t<\/div>\n\t\t\t\t<\/div>\n\t\t\t\t<div class=\"elementor-element elementor-element-81e63bf elementor-widget elementor-widget-text-editor\" data-id=\"81e63bf\" data-element_type=\"widget\" data-e-type=\"widget\" data-widget_type=\"text-editor.default\">\n\t\t\t\t<div class=\"elementor-widget-container\">\n\t\t\t\t\t\t\t\t\t<div class=\"accordion\"><div><p>Natjecanje u Hrvatskoj provelo je 2021. godine Hrvatsko kartografsko dru\u0161tvo.<br \/>Na natje\u010daj je stiglo 26 dje\u010djih likovnih radova (Tablica 1).<\/p><p>Tablica 1. Pristigli dje\u010dji likovni radovi na natje\u010daj u organizaciji Hrvatskoga kartografskog dru\u0161tva<\/p><table><tbody><tr><td width=\"45\"><p><strong>\u00a0<\/strong><\/p><\/td><td width=\"149\"><p><strong>Naslov rada<\/strong><\/p><\/td><td width=\"115\"><p><strong>Ime autora<\/strong><\/p><\/td><td width=\"152\"><p><strong>Ustanova<\/strong><\/p><\/td><td width=\"123\"><p><strong>Mentori<\/strong><\/p><\/td><\/tr><tr><td width=\"45\"><p>1<\/p><\/td><td width=\"149\"><p>Funny world<\/p><\/td><td width=\"115\"><p>Luce Gladovi\u0107<\/p><\/td><td width=\"152\"><p>Dje\u010dji vrti\u0107 Sun\u010dana, Zagreb<\/p><\/td><td width=\"123\"><p>Vanja \u0160u\u0161ko, Ida Nikolori\u0107<\/p><\/td><\/tr><tr><td width=\"45\"><p>2<\/p><\/td><td width=\"149\"><p>Dog planet<\/p><\/td><td width=\"115\"><p>Mila Tuka<\/p><\/td><td width=\"152\"><p>Dje\u010dji vrti\u0107 Sun\u010dana, Zagreb<\/p><\/td><td width=\"123\"><p>Vanja \u0160u\u0161ko, Ida Nikolori\u0107<\/p><\/td><\/tr><tr><td width=\"45\"><p>3<\/p><\/td><td width=\"149\"><p>Football planet<\/p><\/td><td width=\"115\"><p>Ivan Brnadi\u0107<\/p><\/td><td width=\"152\"><p>Dje\u010dji vrti\u0107 Sun\u010dana, Zagreb<\/p><\/td><td width=\"123\"><p>Vanja \u0160u\u0161ko, Ida Nikolori\u0107<\/p><\/td><\/tr><tr><td width=\"45\"><p>4<\/p><\/td><td width=\"149\"><p>Colorful world<\/p><\/td><td width=\"115\"><p>Lana i Nika \u0160aban<\/p><\/td><td width=\"152\"><p>Dje\u010dji vrti\u0107 Sun\u010dana, Zagreb<\/p><\/td><td width=\"123\"><p>Vanja \u0160u\u0161ko, Ida Nikolori\u0107<\/p><\/td><\/tr><tr><td width=\"45\"><p>5<\/p><\/td><td width=\"149\"><p>A map of my future world<\/p><\/td><td width=\"115\"><p>Duje Ke\u010dkemet<\/p><\/td><td width=\"152\"><p>O\u0160 Su\u0107idar, Split<\/p><\/td><td width=\"123\"><p>Vesna Boti\u0107<\/p><\/td><\/tr><tr><td width=\"45\"><p>6<\/p><\/td><td width=\"149\"><p>We should really do something<\/p><\/td><td width=\"115\"><p>Pina Berka<\/p><\/td><td width=\"152\"><p>O\u0160 Su\u0107idar, Split<\/p><\/td><td width=\"123\"><p>Vesna Boti\u0107<\/p><\/td><\/tr><tr><td width=\"45\"><p>7<\/p><\/td><td width=\"149\"><p>Corona all around the world<\/p><\/td><td width=\"115\"><p>Manuela Pavlovi\u0107<\/p><\/td><td width=\"152\"><p>O\u0160 Dr. Andrija Mohorovi\u010di\u0107, Matulji<\/p><\/td><td width=\"123\"><p>Mirjana Ivani\u010di\u0107<\/p><\/td><\/tr><tr><td width=\"45\"><p>8<\/p><\/td><td width=\"149\"><p>World map with a hidden treasure<\/p><\/td><td width=\"115\"><p>Jan Bla\u0161kovi\u0107<\/p><\/td><td width=\"152\"><p>O\u0160 Dr. Andrija Mohorovi\u010di\u0107, Matulji<\/p><\/td><td width=\"123\"><p>Mirjana Ivani\u010di\u0107<\/p><\/td><\/tr><tr><td width=\"45\"><p>9<\/p><\/td><td width=\"149\"><p>Let us save the world<\/p><\/td><td width=\"115\"><p>Karlo Celestin Kaku\u010dka<\/p><\/td><td width=\"152\"><p>O\u0160 Dr. Andrija Mohorovi\u010di\u0107, Matulji<\/p><\/td><td width=\"123\"><p>Koraljka Bor\u0161i\u0107 Sankovi\u0107<\/p><\/td><\/tr><tr><td width=\"45\"><p>10<\/p><\/td><td width=\"149\"><p>Let us save the world<\/p><\/td><td width=\"115\"><p>Andrea Jurinovi\u0107<\/p><\/td><td width=\"152\"><p>O\u0160 Dr. Andrija Mohorovi\u010di\u0107, Matulji<\/p><\/td><td width=\"123\"><p>Koraljka Bor\u0161i\u0107 Sankovi\u0107<\/p><\/td><\/tr><tr><td width=\"45\"><p>11<\/p><\/td><td width=\"149\"><p>Let us save the world<\/p><\/td><td width=\"115\"><p>Korina \u017diganto<\/p><\/td><td width=\"152\"><p>O\u0160 Dr. Andrija Mohorovi\u010di\u0107, Matulji<\/p><\/td><td width=\"123\"><p>Koraljka Bor\u0161i\u0107 Sankovi\u0107<\/p><\/td><\/tr><tr><td width=\"45\"><p>12<\/p><\/td><td width=\"149\"><p>A map of my future world<\/p><\/td><td width=\"115\"><p>Nina Cesarac<\/p><\/td><td width=\"152\"><p>O\u0160 Eugen Kumi\u010di\u0107, Rijeka<\/p><\/td><td width=\"123\"><p>Vesna Raspoli\u0107<\/p><\/td><\/tr><tr><td width=\"45\"><p>13<\/p><\/td><td width=\"149\"><p>A map of my future world<\/p><\/td><td width=\"115\"><p>Natali Dekovi\u0107<\/p><\/td><td width=\"152\"><p>O\u0160 Eugen Kumi\u010di\u0107, Rijeka<\/p><\/td><td width=\"123\"><p>Vesna Raspoli\u0107<\/p><\/td><\/tr><tr><td width=\"45\"><p>14<\/p><\/td><td width=\"149\"><p>A map of my future world<\/p><\/td><td width=\"115\"><p>Lara Lerga<\/p><\/td><td width=\"152\"><p>O\u0160 Eugen Kumi\u010di\u0107, Rijeka<\/p><\/td><td width=\"123\"><p>Vesna Raspoli\u0107<\/p><\/td><\/tr><tr><td width=\"45\"><p>15<\/p><\/td><td width=\"149\"><p>A map of my future world<\/p><\/td><td width=\"115\"><p>Gabrijela Lerga<\/p><\/td><td width=\"152\"><p>O\u0160 Eugen Kumi\u010di\u0107, Rijeka<\/p><\/td><td width=\"123\"><p>Vesna Raspoli\u0107<\/p><\/td><\/tr><tr><td width=\"45\"><p>16<\/p><\/td><td width=\"149\"><p>Slowly but surely towards a more beautiful planet<\/p><\/td><td width=\"115\"><p>Matija Puri\u0107<\/p><\/td><td width=\"152\"><p>O\u0160 Eugen Kumi\u010di\u0107, Rijeka<\/p><\/td><td width=\"123\"><p>Vesna Raspoli\u0107<\/p><\/td><\/tr><tr><td width=\"45\"><p>17<\/p><\/td><td width=\"149\"><p>A map of my future world<\/p><\/td><td width=\"115\"><p>Lana Tomi\u010di\u0107<\/p><\/td><td width=\"152\"><p>O\u0160 Eugen Kumi\u010di\u0107, Rijeka<\/p><\/td><td width=\"123\"><p>Doris Valenta<\/p><\/td><\/tr><tr><td width=\"45\"><p>18<\/p><\/td><td width=\"149\"><p>A map of my future world<\/p><\/td><td width=\"115\"><p>Fran Egred\u017eija<\/p><\/td><td width=\"152\"><p>O\u0160 Eugen Kumi\u010di\u0107, Rijeka<\/p><\/td><td width=\"123\"><p>Doris Valenta<\/p><\/td><\/tr><tr><td width=\"45\"><p>19<\/p><\/td><td width=\"149\"><p>A map of my future world<\/p><\/td><td width=\"115\"><p>Dorian Kezele<\/p><\/td><td width=\"152\"><p>O\u0160 Eugen Kumi\u010di\u0107, Rijeka<\/p><\/td><td width=\"123\"><p>Doris Valenta<\/p><\/td><\/tr><tr><td width=\"45\"><p>20<\/p><\/td><td width=\"149\"><p>A map of my future world<\/p><\/td><td width=\"115\"><p>Lejla Fejzi\u0107<\/p><\/td><td width=\"152\"><p>O\u0160 Eugen Kumi\u010di\u0107, Rijeka<\/p><\/td><td width=\"123\"><p>Doris Valenta<\/p><\/td><\/tr><tr><td width=\"45\"><p>21<\/p><\/td><td width=\"149\"><p>A map of my future world<\/p><\/td><td width=\"115\"><p>Valentina Pintar<\/p><\/td><td width=\"152\"><p>O\u0160 Eugen Kumi\u010di\u0107, Rijeka<\/p><\/td><td width=\"123\"><p>Doris Valenta<\/p><\/td><\/tr><tr><td width=\"45\"><p>22<\/p><\/td><td width=\"149\"><p>A map of my future world<\/p><\/td><td width=\"115\"><p>Tina Dolgo\u0161<\/p><\/td><td width=\"152\"><p>O\u0160 Eugen Kumi\u010di\u0107, Rijeka<\/p><\/td><td width=\"123\"><p>Doris Valenta<\/p><\/td><\/tr><tr><td width=\"45\"><p>23<\/p><\/td><td width=\"149\"><p>A map of my future world<\/p><\/td><td width=\"115\"><p>Tina Radovanovi\u0107<\/p><\/td><td width=\"152\"><p>O\u0160 Eugen Kumi\u010di\u0107, Rijeka<\/p><\/td><td width=\"123\"><p>Doris Valenta<\/p><\/td><\/tr><tr><td width=\"45\"><p>24<\/p><\/td><td width=\"149\"><p>A map of my future world<\/p><\/td><td width=\"115\"><p>Oskar Grman<\/p><\/td><td width=\"152\"><p>O\u0160 Eugen Kumi\u010di\u0107, Rijeka<\/p><\/td><td width=\"123\"><p>Doris Valenta<\/p><\/td><\/tr><tr><td width=\"45\"><p>25<\/p><\/td><td width=\"149\"><p>My healthy planet<\/p><\/td><td width=\"115\"><p>Lara Franjkovi\u0107<\/p><\/td><td width=\"152\"><p>Dugo Selo<\/p><\/td><td width=\"123\"><p>Ljiljana Franjkovi\u0107<\/p><\/td><\/tr><tr><td width=\"45\"><p>26<\/p><\/td><td width=\"149\"><p>The planet of the future<\/p><\/td><td width=\"115\"><p>Magda Oswald<\/p><\/td><td width=\"152\"><p>O\u0160 Frana Krste Frankopana, Osijek<\/p><\/td><td width=\"123\"><p>Ines Janevski<\/p><\/td><\/tr><\/tbody><\/table><br \/><p>Povjerenstvo u sastavu prof. emer. Miljenko Lapaine, prof. dr. sc. Damir Medak i doc. dr. sc. Ivka Kljaji\u0107 s Geodetskog fakulteta Sveu\u010dili\u0161ta u Zagrebu izabralo je \u0161est najboljih dje\u010djih likovnih radova na temu &#8220;Karta mojega budu\u0107eg svijeta&#8221; <em>(A map of my future world)<\/em>(Tablica 2). Radovi su zajedno s prikupljenim suglasnostima roditelja poslani dr Peteru van der Krogtu, me\u0111unarodnom koordinatoru. On je prikupio 178 dje\u010djih crte\u017ea iz 32 zemlje, skenirao ih i priredio web-stranicu na kojoj su te radove mogli vidjeti svi nacionalni koordinatori koji su bili pozvani da glasanjem predlo\u017ee najbolje. Dje\u010dji likovni radovi navedeni u tablici 2 bili su izlo\u017eeni na izlo\u017ebi dje\u010djih radova u sklopu 30. me\u0111unarodne kartografske konferencije u Firenci, 14\u201318. prosinca 2021. <br \/><br \/>Tablica 2. Odabrani dje\u010dji likovni radovi za izlo\u017ebu u Firenci, 14\u201318. prosinca 2021. Redoslijed po abecedi prezimena autora.<\/p><br \/><table><tbody><tr><td width=\"45\"><p><strong>\u00a0<\/strong><\/p><\/td><td width=\"149\"><p><strong>Naslov rada<\/strong><\/p><\/td><td width=\"115\"><p><strong>Ime autora<\/strong><\/p><\/td><td width=\"152\"><p><strong>Ustanova<\/strong><\/p><\/td><td width=\"123\"><p><strong>Mentori<\/strong><\/p><\/td><\/tr><tr><td width=\"45\"><p>1<\/p><\/td><td width=\"149\"><p>We should really do something<\/p><\/td><td width=\"115\"><p>Pina Berka<\/p><\/td><td width=\"152\"><p>O\u0160 Su\u0107idar, Split<\/p><\/td><td width=\"123\"><p>Vesna Boti\u0107<\/p><\/td><\/tr><tr><td width=\"45\"><p>2<\/p><\/td><td width=\"149\"><p>My healthy planet<\/p><\/td><td width=\"115\"><p>Lara Franjkovi\u0107<\/p><\/td><td width=\"152\"><p>Dugo Selo<\/p><\/td><td width=\"123\"><p>Ljiljana Franjkovi\u0107<\/p><\/td><\/tr><tr><td width=\"45\"><p>3<\/p><\/td><td width=\"149\"><p>A map of my future world<\/p><\/td><td width=\"115\"><p>Oskar Grman<\/p><\/td><td width=\"152\"><p>O\u0160 Eugen Kumi\u010di\u0107, Rijeka<\/p><\/td><td width=\"123\"><p>Doris Valenta<\/p><\/td><\/tr><tr><td width=\"45\"><p>4<\/p><\/td><td width=\"149\"><p>The planet of the future<\/p><\/td><td width=\"115\"><p>Magda Oswald<\/p><\/td><td width=\"152\"><p>O\u0160 Frana Krste Frankopana, Osijek<\/p><\/td><td width=\"123\"><p>Ines Janevski<\/p><\/td><\/tr><tr><td width=\"45\"><p>5<\/p><\/td><td width=\"149\"><p>Slowly but surely towards a more beautiful planet<\/p><\/td><td width=\"115\"><p>Matija Puri\u0107<\/p><\/td><td width=\"152\"><p>O\u0160 Eugen Kumi\u010di\u0107, Rijeka<\/p><\/td><td width=\"123\"><p>Vesna Raspoli\u0107<\/p><\/td><\/tr><tr><td width=\"45\"><p>6<\/p><\/td><td width=\"149\"><p>Let us save the world<\/p><\/td><td width=\"115\"><p>Korina \u017diganto<\/p><\/td><td width=\"152\"><p>O\u0160 Dr. Andrija Mohorovi\u010di\u0107, Matulji<\/p><\/td><td width=\"123\"><p>Koraljka Bor\u0161i\u0107 Sankovi\u0107<\/p><\/td><\/tr><\/tbody><\/table><br \/><p><img decoding=\"async\" src=\"https:\/\/old.kartografija.hr\/tl_files\/Hkd\/Obrazovanje\/Djecja_kartografija\/2021_Firenza\/Pina Berka.jpg\" alt=\"Pina Berka (14)\" width=\"500\" title=\"Obrazovanje\"><br \/><br \/>We should really do something, Pina Berka (14), O\u0160 Su\u0107idar, Split <br \/><br \/><img decoding=\"async\" src=\"https:\/\/old.kartografija.hr\/tl_files\/Hkd\/Obrazovanje\/Djecja_kartografija\/2021_Firenza\/Lara Franjkovic.jpg\" alt=\"Lara Franjkovi\u0107 (13)\" width=\"500\" align=\"middle\" title=\"Obrazovanje\"><br \/><br \/>My healthy planet, Lara Franjkovi\u0107 (13), Dugo Selo <br \/><br \/><img decoding=\"async\" src=\"https:\/\/old.kartografija.hr\/tl_files\/Hkd\/Obrazovanje\/Djecja_kartografija\/2021_Firenza\/Oskar German.jpg\" alt=\"Oskar German (8)\" width=\"500\" title=\"Obrazovanje\"><br \/><br \/>A map of my future world, Oskar Grman (8), O\u0160 Eugen Kumi\u010di\u0107, Rijeka <br \/><br \/><img decoding=\"async\" src=\"https:\/\/old.kartografija.hr\/tl_files\/Hkd\/Obrazovanje\/Djecja_kartografija\/2021_Firenza\/Magda Oswald.jpg\" alt=\"Magda Oswald (12)\" width=\"500\" title=\"Obrazovanje\"><br \/><br \/>The planet of the future, Magda Oswald (12), O\u0160 Frana Krste Frankopana, Osijek <br \/>Osvojeno 2. mjesto u kategoriji od 9 do 12 godina na me\u0111unarodnoj izlo\u017ebi dje\u010djih likovnih radova u Firenci, 14\u221218. 12. 2021.<br \/><br \/><img decoding=\"async\" src=\"https:\/\/old.kartografija.hr\/tl_files\/Hkd\/Obrazovanje\/Djecja_kartografija\/2021_Firenza\/Matija Puric.jpg\" alt=\"Matija Puri\u0107 (9)\" width=\"500\" title=\"Obrazovanje\"><br \/>Slowly but surely towards a more beautiful planet, Matija Puri\u0107 (9), O\u0160 Eugen Kumi\u010di\u0107, Rijeka <br \/><br \/><img decoding=\"async\" src=\"https:\/\/old.kartografija.hr\/tl_files\/Hkd\/Obrazovanje\/Djecja_kartografija\/2021_Firenza\/Korina Ziganto.jpg\" alt=\"Korina \u017diganto (14)\" width=\"500\" title=\"Obrazovanje\"><br \/><br \/>Let us save the world, Korina \u017diganto (14), O\u0160 Dr. Andrija Mohorovi\u010di\u0107, Matulji <br \/><br \/><img decoding=\"async\" src=\"https:\/\/old.kartografija.hr\/tl_files\/Hkd\/Obrazovanje\/Djecja_kartografija\/2021_Firenza\/second place.png\" alt=\"second place\" width=\"500\" title=\"Obrazovanje\"><\/p><p>Zahvaljujemo svim natjecateljima i njihovim mentorima koji su poslali radove na natje\u010daj. \u010cestitamo onima koji su izabrani i \u010diji su likovni radovi bili izlo\u017eeni na izlo\u017ebi u Firenci, 14\u201318. prosinca 2021. Posebne \u010destitke zaslu\u017euju Magda Oswald i njezina mentorica Ines Janevski iz Osnovne \u0161kole Fran Krsto Frankopan iz Osijeka. Magda je osvojila 2. mjesto u kategoriji od 9 do 12 godina za svoj Planet budu\u0107nosti <em>(The planet of the future)<\/em>. Bravo! Virtualni obilazak izlo\u017ebe mogu\u0107 je na <a href=\"http:\/\/www.observo360.com\/icadrawingexhibition\/\">adresi<\/a>. Svi izlo\u0161ci mogu se tako\u0111er pogledati na <a href=\"https:\/\/vanderkrogt.net\/petchenik\/\">adresi<\/a>. Dje\u010dji likovni radovi koji su bili izlo\u017eeni na prethodnim me\u0111unarodnim izlo\u017ebama arhiviraju se u Arhivsko-istra\u017eiva\u010dkim zbirkama Knji\u017enice Sveu\u010dili\u0161ta Carleton u Kanadi (Archives and Research Collections at Carleton University Library) i pripremaju za objavljivanje na <a href=\"https:\/\/childrensmaps.library.carleton.ca\/\">adresi<\/a>.<br \/><br \/><\/p><p><em>Miljenko Lapaine<\/em><\/p><\/div><\/div>\t\t\t\t\t\t\t\t<\/div>\n\t\t\t\t<\/div>\n\t\t\t\t<div class=\"elementor-element elementor-element-efb0aee elementor-widget elementor-widget-button\" data-id=\"efb0aee\" data-element_type=\"widget\" data-e-type=\"widget\" data-widget_type=\"button.default\">\n\t\t\t\t<div class=\"elementor-widget-container\">\n\t\t\t\t\t\t\t\t\t<div class=\"elementor-button-wrapper\">\n\t\t\t\t\t<a class=\"elementor-button elementor-button-link elementor-size-sm\" href=\"https:\/\/old.kartografija.hr\/djecja-kartografija.html%3Flanguage=hr.html\" target=\"_blank\">\n\t\t\t\t\t\t<span class=\"elementor-button-content-wrapper\">\n\t\t\t\t\t\t\t\t\t<span class=\"elementor-button-text\">More...<\/span>\n\t\t\t\t\t<\/span>\n\t\t\t\t\t<\/a>\n\t\t\t\t<\/div>\n\t\t\t\t\t\t\t\t<\/div>\n\t\t\t\t<\/div>\n\t\t\t\t\t<\/div>\n\t\t\t\t<\/div>\n\t\t\t\t<\/div>","protected":false},"excerpt":{"rendered":"<p>Education Hrvatska na me\u0111unarodnoj izlo\u017ebi dje\u010djih crte\u017ea 2021. u Firenzi Natjecanje u Hrvatskoj provelo je 2021. godine Hrvatsko kartografsko dru\u0161tvo.Na natje\u010daj je stiglo 26 dje\u010djih likovnih radova (Tablica 1). Tablica [&hellip;]<\/p>\n","protected":false},"author":1,"featured_media":0,"parent":0,"menu_order":5,"comment_status":"closed","ping_status":"closed","template":"","meta":{"site-sidebar-layout":"no-sidebar","site-content-layout":"page-builder","ast-site-content-layout":"full-width-container","site-content-style":"default","site-sidebar-style":"default","ast-global-header-display":"","ast-banner-title-visibility":"","ast-main-header-display":"","ast-hfb-above-header-display":"","ast-hfb-below-header-display":"","ast-hfb-mobile-header-display":"","site-post-title":"","ast-breadcrumbs-content":"","ast-featured-img":"disabled","footer-sml-layout":"","ast-disable-related-posts":"","theme-transparent-header-meta":"","adv-header-id-meta":"","stick-header-meta":"","header-above-stick-meta":"","header-main-stick-meta":"","header-below-stick-meta":"","astra-migrate-meta-layouts":"default","ast-page-background-enabled":"default","ast-page-background-meta":{"desktop":{"background-color":"","background-image":"","background-repeat":"repeat","background-position":"center center","background-size":"auto","background-attachment":"scroll","background-type":"","background-media":"","overlay-type":"","overlay-color":"","overlay-opacity":"","overlay-gradient":""},"tablet":{"background-color":"","background-image":"","background-repeat":"repeat","background-position":"center center","background-size":"auto","background-attachment":"scroll","background-type":"","background-media":"","overlay-type":"","overlay-color":"","overlay-opacity":"","overlay-gradient":""},"mobile":{"background-color":"","background-image":"","background-repeat":"repeat","background-position":"center center","background-size":"auto","background-attachment":"scroll","background-type":"","background-media":"","overlay-type":"","overlay-color":"","overlay-opacity":"","overlay-gradient":""}},"ast-content-background-meta":{"desktop":{"background-color":"var(--ast-global-color-5)","background-image":"","background-repeat":"repeat","background-position":"center center","background-size":"auto","background-attachment":"scroll","background-type":"","background-media":"","overlay-type":"","overlay-color":"","overlay-opacity":"","overlay-gradient":""},"tablet":{"background-color":"var(--ast-global-color-5)","background-image":"","background-repeat":"repeat","background-position":"center center","background-size":"auto","background-attachment":"scroll","background-type":"","background-media":"","overlay-type":"","overlay-color":"","overlay-opacity":"","overlay-gradient":""},"mobile":{"background-color":"var(--ast-global-color-5)","background-image":"","background-repeat":"repeat","background-position":"center center","background-size":"auto","background-attachment":"scroll","background-type":"","background-media":"","overlay-type":"","overlay-color":"","overlay-opacity":"","overlay-gradient":""}},"footnotes":""},"class_list":["post-4908","page","type-page","status-publish","hentry"],"_links":{"self":[{"href":"https:\/\/www.kartografija.hr\/hr\/wp-json\/wp\/v2\/pages\/4908","targetHints":{"allow":["GET"]}}],"collection":[{"href":"https:\/\/www.kartografija.hr\/hr\/wp-json\/wp\/v2\/pages"}],"about":[{"href":"https:\/\/www.kartografija.hr\/hr\/wp-json\/wp\/v2\/types\/page"}],"author":[{"embeddable":true,"href":"https:\/\/www.kartografija.hr\/hr\/wp-json\/wp\/v2\/users\/1"}],"replies":[{"embeddable":true,"href":"https:\/\/www.kartografija.hr\/hr\/wp-json\/wp\/v2\/comments?post=4908"}],"version-history":[{"count":23,"href":"https:\/\/www.kartografija.hr\/hr\/wp-json\/wp\/v2\/pages\/4908\/revisions"}],"predecessor-version":[{"id":4932,"href":"https:\/\/www.kartografija.hr\/hr\/wp-json\/wp\/v2\/pages\/4908\/revisions\/4932"}],"wp:attachment":[{"href":"https:\/\/www.kartografija.hr\/hr\/wp-json\/wp\/v2\/media?parent=4908"}],"curies":[{"name":"wp","href":"https:\/\/api.w.org\/{rel}","templated":true}]}}